{"id":29,"date":"2026-04-08T11:40:21","date_gmt":"2026-04-08T11:40:21","guid":{"rendered":"https:\/\/www.educarep.net\/nathan2\/?page_id=29"},"modified":"2026-04-08T12:03:28","modified_gmt":"2026-04-08T12:03:28","slug":"articles","status":"publish","type":"page","link":"https:\/\/www.educarep.net\/nathan2\/articles\/","title":{"rendered":"Articles"},"content":{"rendered":"\n<div class=\"wp-block-uagb-advanced-heading uagb-block-f2730614\"><h2 class=\"uagb-heading-text\">Voyage scolaire pour nos NDRC 2\u00e8me ann\u00e9e<\/h2><\/div>\n\n\n\n<p class=\"has-ast-global-color-8-color has-text-color has-link-color has-large-font-size wp-elements-1 wp-block-paragraph\">Semaine p\u00e9dagogique au Portugal pour les NDRC 2\u00e8me ann\u00e9e<\/p>\n\n\n\n<p class=\"has-ast-global-color-8-color has-text-color has-link-color wp-elements-2 wp-block-paragraph\">Au programme: Une immersion avec les \u00e9tudiants portugais, puis ils ont cr\u00e9e un pitch et un site internet en portugais sur un projet<\/p>\n\n\n\n<div class=\"wp-block-uagb-image uagb-block-a1139557 wp-block-uagb-image--layout-default wp-block-uagb-image--effect-static wp-block-uagb-image--align-none\"><figure class=\"wp-block-uagb-image__figure\"><img decoding=\"async\" srcset=\"https:\/\/www.educarep.net\/nathan2\/wp-content\/uploads\/2026\/04\/Capture-decran-2026-04-06-a-22.07.32.png ,https:\/\/www.educarep.net\/nathan2\/wp-content\/uploads\/2026\/04\/Capture-decran-2026-04-06-a-22.07.32.png 780w, https:\/\/www.educarep.net\/nathan2\/wp-content\/uploads\/2026\/04\/Capture-decran-2026-04-06-a-22.07.32.png 360w\" sizes=\"auto, (max-width: 480px) 150px\" src=\"https:\/\/www.educarep.net\/nathan2\/wp-content\/uploads\/2026\/04\/Capture-decran-2026-04-06-a-22.07.32.png\" alt=\"Image des \u00e9tudiants protugais\" class=\"uag-image-22\" width=\"761\" height=\"473\" title=\"Capture d\u2019\u00e9cran 2026-04-06 \u00e0 22.07.32\" loading=\"lazy\" role=\"img\"\/><\/figure><\/div>\n\n\n\n<p class=\"has-ast-global-color-8-color has-text-color has-link-color has-medium-font-size wp-elements-3 wp-block-paragraph\">Ces 57 \u00e9tudiants pationn\u00e9es, ont pr\u00e9sent\u00e9 leur pitch en fin de semaine devant toute leur \u00e9cole et devant toute l&rsquo;\u00e9quipe p\u00e9dagogique. C&rsquo;est avec fiert\u00e9 que la grand gagnante Marina, \u00e9tudiante brestoise en BTS NDRC 2\u00e8me ann\u00e9e \u00e0 remport\u00e9 la victoire. Elle a recu un ch\u00e8que symbolique de 2 euros \u00e0 utiliser dans des boutiques de Brest.<\/p>\n\n\n\n<p class=\"has-ast-global-color-8-color has-text-color has-link-color wp-elements-4 wp-block-paragraph\">Nous somme fier d&rsquo;elle !<\/p>\n","protected":false},"excerpt":{"rendered":"<p>Voyage scolaire pour nos NDRC 2\u00e8me ann\u00e9e Semaine p\u00e9dagogique au Portugal pour les NDRC 2\u00e8me ann\u00e9e Au programme: Une immersion [&hellip;]<\/p>\n","protected":false},"author":1,"featured_media":0,"parent":0,"menu_order":0,"comment_status":"closed","ping_status":"closed","template":"","meta":{"_uag_custom_page_level_css":"","site-sidebar-layout":"default","site-content-layout":"","ast-site-content-layout":"default","site-content-style":"default","site-sidebar-style":"default","ast-global-header-display":"","ast-banner-title-visibility":"","ast-main-header-display":"","ast-hfb-above-header-display":"","ast-hfb-below-header-display":"","ast-hfb-mobile-header-display":"","site-post-title":"","ast-breadcrumbs-content":"","ast-featured-img":"","footer-sml-layout":"","ast-disable-related-posts":"","theme-transparent-header-meta":"","adv-header-id-meta":"","stick-header-meta":"","header-above-stick-meta":"","header-main-stick-meta":"","header-below-stick-meta":"","astra-migrate-meta-layouts":"default","ast-page-background-enabled":"default","ast-page-background-meta":{"desktop":{"background-color":"var(--ast-global-color-5)","background-image":"","background-repeat":"repeat","background-position":"center center","background-size":"auto","background-attachment":"scroll","background-type":"","background-media":"","overlay-type":"","overlay-color":"","overlay-opacity":"","overlay-gradient":""},"tablet":{"background-color":"","background-image":"","background-repeat":"repeat","background-position":"center center","background-size":"auto","background-attachment":"scroll","background-type":"","background-media":"","overlay-type":"","overlay-color":"","overlay-opacity":"","overlay-gradient":""},"mobile":{"background-color":"","background-image":"","background-repeat":"repeat","background-position":"center center","background-size":"auto","background-attachment":"scroll","background-type":"","background-media":"","overlay-type":"","overlay-color":"","overlay-opacity":"","overlay-gradient":""}},"ast-content-background-meta":{"desktop":{"background-color":"var(--ast-global-color-4)","background-image":"","background-repeat":"repeat","background-position":"center center","background-size":"auto","background-attachment":"scroll","background-type":"","background-media":"","overlay-type":"","overlay-color":"","overlay-opacity":"","overlay-gradient":""},"tablet":{"background-color":"var(--ast-global-color-4)","background-image":"","background-repeat":"repeat","background-position":"center center","background-size":"auto","background-attachment":"scroll","background-type":"","background-media":"","overlay-type":"","overlay-color":"","overlay-opacity":"","overlay-gradient":""},"mobile":{"background-color":"var(--ast-global-color-4)","background-image":"","background-repeat":"repeat","background-position":"center center","background-size":"auto","background-attachment":"scroll","background-type":"","background-media":"","overlay-type":"","overlay-color":"","overlay-opacity":"","overlay-gradient":""}},"footnotes":""},"class_list":["post-29","page","type-page","status-publish","hentry"],"yoast_head":"<!-- This site is optimized with the Yoast SEO plugin v27.3 - https:\/\/yoast.com\/product\/yoast-seo-wordpress\/ -->\n<title>Articles - Arep29<\/title>\n<meta name=\"robots\" content=\"index, follow, max-snippet:-1, max-image-preview:large, max-video-preview:-1\" \/>\n<link rel=\"canonical\" href=\"https:\/\/www.educarep.net\/nathan2\/articles\/\" \/>\n<meta property=\"og:locale\" content=\"fr_FR\" \/>\n<meta property=\"og:type\" content=\"article\" \/>\n<meta property=\"og:title\" content=\"Articles - Arep29\" \/>\n<meta property=\"og:description\" content=\"Voyage scolaire pour nos NDRC 2\u00e8me ann\u00e9e Semaine p\u00e9dagogique au Portugal pour les NDRC 2\u00e8me ann\u00e9e Au programme: Une immersion [&hellip;]\" \/>\n<meta property=\"og:url\" content=\"https:\/\/www.educarep.net\/nathan2\/articles\/\" \/>\n<meta property=\"og:site_name\" content=\"Arep29\" \/>\n<meta property=\"article:modified_time\" content=\"2026-04-08T12:03:28+00:00\" \/>\n<meta property=\"og:image\" content=\"https:\/\/www.educarep.net\/nathan2\/wp-content\/uploads\/2026\/04\/Capture-decran-2026-04-06-a-22.07.32.png\" \/>\n<meta name=\"twitter:card\" content=\"summary_large_image\" \/>\n<meta name=\"twitter:label1\" content=\"Dur\u00e9e de lecture estim\u00e9e\" \/>\n\t<meta name=\"twitter:data1\" content=\"1 minute\" \/>\n<script type=\"application\/ld+json\" class=\"yoast-schema-graph\">{\"@context\":\"https:\\\/\\\/schema.org\",\"@graph\":[{\"@type\":\"WebPage\",\"@id\":\"https:\\\/\\\/www.educarep.net\\\/nathan2\\\/articles\\\/\",\"url\":\"https:\\\/\\\/www.educarep.net\\\/nathan2\\\/articles\\\/\",\"name\":\"Articles - Arep29\",\"isPartOf\":{\"@id\":\"https:\\\/\\\/www.educarep.net\\\/nathan2\\\/#website\"},\"primaryImageOfPage\":{\"@id\":\"https:\\\/\\\/www.educarep.net\\\/nathan2\\\/articles\\\/#primaryimage\"},\"image\":{\"@id\":\"https:\\\/\\\/www.educarep.net\\\/nathan2\\\/articles\\\/#primaryimage\"},\"thumbnailUrl\":\"https:\\\/\\\/www.educarep.net\\\/nathan2\\\/wp-content\\\/uploads\\\/2026\\\/04\\\/Capture-decran-2026-04-06-a-22.07.32.png\",\"datePublished\":\"2026-04-08T11:40:21+00:00\",\"dateModified\":\"2026-04-08T12:03:28+00:00\",\"breadcrumb\":{\"@id\":\"https:\\\/\\\/www.educarep.net\\\/nathan2\\\/articles\\\/#breadcrumb\"},\"inLanguage\":\"fr-FR\",\"potentialAction\":[{\"@type\":\"ReadAction\",\"target\":[\"https:\\\/\\\/www.educarep.net\\\/nathan2\\\/articles\\\/\"]}]},{\"@type\":\"ImageObject\",\"inLanguage\":\"fr-FR\",\"@id\":\"https:\\\/\\\/www.educarep.net\\\/nathan2\\\/articles\\\/#primaryimage\",\"url\":\"https:\\\/\\\/www.educarep.net\\\/nathan2\\\/wp-content\\\/uploads\\\/2026\\\/04\\\/Capture-decran-2026-04-06-a-22.07.32.png\",\"contentUrl\":\"https:\\\/\\\/www.educarep.net\\\/nathan2\\\/wp-content\\\/uploads\\\/2026\\\/04\\\/Capture-decran-2026-04-06-a-22.07.32.png\",\"width\":761,\"height\":473,\"caption\":\"Image montrant les \u00e9tudiants portugais de la seaine p\u00e9dagogique\"},{\"@type\":\"BreadcrumbList\",\"@id\":\"https:\\\/\\\/www.educarep.net\\\/nathan2\\\/articles\\\/#breadcrumb\",\"itemListElement\":[{\"@type\":\"ListItem\",\"position\":1,\"name\":\"Accueil\",\"item\":\"https:\\\/\\\/www.educarep.net\\\/nathan2\\\/\"},{\"@type\":\"ListItem\",\"position\":2,\"name\":\"Articles\"}]},{\"@type\":\"WebSite\",\"@id\":\"https:\\\/\\\/www.educarep.net\\\/nathan2\\\/#website\",\"url\":\"https:\\\/\\\/www.educarep.net\\\/nathan2\\\/\",\"name\":\"Arep29\",\"description\":\"Ecole Brest\",\"publisher\":{\"@id\":\"https:\\\/\\\/www.educarep.net\\\/nathan2\\\/#organization\"},\"potentialAction\":[{\"@type\":\"SearchAction\",\"target\":{\"@type\":\"EntryPoint\",\"urlTemplate\":\"https:\\\/\\\/www.educarep.net\\\/nathan2\\\/?s={search_term_string}\"},\"query-input\":{\"@type\":\"PropertyValueSpecification\",\"valueRequired\":true,\"valueName\":\"search_term_string\"}}],\"inLanguage\":\"fr-FR\"},{\"@type\":\"Organization\",\"@id\":\"https:\\\/\\\/www.educarep.net\\\/nathan2\\\/#organization\",\"name\":\"Arep29\",\"url\":\"https:\\\/\\\/www.educarep.net\\\/nathan2\\\/\",\"logo\":{\"@type\":\"ImageObject\",\"inLanguage\":\"fr-FR\",\"@id\":\"https:\\\/\\\/www.educarep.net\\\/nathan2\\\/#\\\/schema\\\/logo\\\/image\\\/\",\"url\":\"https:\\\/\\\/www.educarep.net\\\/nathan2\\\/wp-content\\\/uploads\\\/2026\\\/04\\\/logo.png\",\"contentUrl\":\"https:\\\/\\\/www.educarep.net\\\/nathan2\\\/wp-content\\\/uploads\\\/2026\\\/04\\\/logo.png\",\"width\":156,\"height\":40,\"caption\":\"Arep29\"},\"image\":{\"@id\":\"https:\\\/\\\/www.educarep.net\\\/nathan2\\\/#\\\/schema\\\/logo\\\/image\\\/\"}}]}<\/script>\n<!-- \/ Yoast SEO plugin. -->","yoast_head_json":{"title":"Articles - Arep29","robots":{"index":"index","follow":"follow","max-snippet":"max-snippet:-1","max-image-preview":"max-image-preview:large","max-video-preview":"max-video-preview:-1"},"canonical":"https:\/\/www.educarep.net\/nathan2\/articles\/","og_locale":"fr_FR","og_type":"article","og_title":"Articles - Arep29","og_description":"Voyage scolaire pour nos NDRC 2\u00e8me ann\u00e9e Semaine p\u00e9dagogique au Portugal pour les NDRC 2\u00e8me ann\u00e9e Au programme: Une immersion [&hellip;]","og_url":"https:\/\/www.educarep.net\/nathan2\/articles\/","og_site_name":"Arep29","article_modified_time":"2026-04-08T12:03:28+00:00","og_image":[{"url":"https:\/\/www.educarep.net\/nathan2\/wp-content\/uploads\/2026\/04\/Capture-decran-2026-04-06-a-22.07.32.png","type":"","width":"","height":""}],"twitter_card":"summary_large_image","twitter_misc":{"Dur\u00e9e de lecture estim\u00e9e":"1 minute"},"schema":{"@context":"https:\/\/schema.org","@graph":[{"@type":"WebPage","@id":"https:\/\/www.educarep.net\/nathan2\/articles\/","url":"https:\/\/www.educarep.net\/nathan2\/articles\/","name":"Articles - Arep29","isPartOf":{"@id":"https:\/\/www.educarep.net\/nathan2\/#website"},"primaryImageOfPage":{"@id":"https:\/\/www.educarep.net\/nathan2\/articles\/#primaryimage"},"image":{"@id":"https:\/\/www.educarep.net\/nathan2\/articles\/#primaryimage"},"thumbnailUrl":"https:\/\/www.educarep.net\/nathan2\/wp-content\/uploads\/2026\/04\/Capture-decran-2026-04-06-a-22.07.32.png","datePublished":"2026-04-08T11:40:21+00:00","dateModified":"2026-04-08T12:03:28+00:00","breadcrumb":{"@id":"https:\/\/www.educarep.net\/nathan2\/articles\/#breadcrumb"},"inLanguage":"fr-FR","potentialAction":[{"@type":"ReadAction","target":["https:\/\/www.educarep.net\/nathan2\/articles\/"]}]},{"@type":"ImageObject","inLanguage":"fr-FR","@id":"https:\/\/www.educarep.net\/nathan2\/articles\/#primaryimage","url":"https:\/\/www.educarep.net\/nathan2\/wp-content\/uploads\/2026\/04\/Capture-decran-2026-04-06-a-22.07.32.png","contentUrl":"https:\/\/www.educarep.net\/nathan2\/wp-content\/uploads\/2026\/04\/Capture-decran-2026-04-06-a-22.07.32.png","width":761,"height":473,"caption":"Image montrant les \u00e9tudiants portugais de la seaine p\u00e9dagogique"},{"@type":"BreadcrumbList","@id":"https:\/\/www.educarep.net\/nathan2\/articles\/#breadcrumb","itemListElement":[{"@type":"ListItem","position":1,"name":"Accueil","item":"https:\/\/www.educarep.net\/nathan2\/"},{"@type":"ListItem","position":2,"name":"Articles"}]},{"@type":"WebSite","@id":"https:\/\/www.educarep.net\/nathan2\/#website","url":"https:\/\/www.educarep.net\/nathan2\/","name":"Arep29","description":"Ecole Brest","publisher":{"@id":"https:\/\/www.educarep.net\/nathan2\/#organization"},"potentialAction":[{"@type":"SearchAction","target":{"@type":"EntryPoint","urlTemplate":"https:\/\/www.educarep.net\/nathan2\/?s={search_term_string}"},"query-input":{"@type":"PropertyValueSpecification","valueRequired":true,"valueName":"search_term_string"}}],"inLanguage":"fr-FR"},{"@type":"Organization","@id":"https:\/\/www.educarep.net\/nathan2\/#organization","name":"Arep29","url":"https:\/\/www.educarep.net\/nathan2\/","logo":{"@type":"ImageObject","inLanguage":"fr-FR","@id":"https:\/\/www.educarep.net\/nathan2\/#\/schema\/logo\/image\/","url":"https:\/\/www.educarep.net\/nathan2\/wp-content\/uploads\/2026\/04\/logo.png","contentUrl":"https:\/\/www.educarep.net\/nathan2\/wp-content\/uploads\/2026\/04\/logo.png","width":156,"height":40,"caption":"Arep29"},"image":{"@id":"https:\/\/www.educarep.net\/nathan2\/#\/schema\/logo\/image\/"}}]}},"uagb_featured_image_src":{"full":false,"thumbnail":false,"medium":false,"medium_large":false,"large":false,"1536x1536":false,"2048x2048":false},"uagb_author_info":{"display_name":"Nathan","author_link":"https:\/\/www.educarep.net\/nathan2\/author\/nathan\/"},"uagb_comment_info":0,"uagb_excerpt":"Voyage scolaire pour nos NDRC 2\u00e8me ann\u00e9e Semaine p\u00e9dagogique au Portugal pour les NDRC 2\u00e8me ann\u00e9e Au programme: Une immersion [&hellip;]","_links":{"self":[{"href":"https:\/\/www.educarep.net\/nathan2\/wp-json\/wp\/v2\/pages\/29","targetHints":{"allow":["GET"]}}],"collection":[{"href":"https:\/\/www.educarep.net\/nathan2\/wp-json\/wp\/v2\/pages"}],"about":[{"href":"https:\/\/www.educarep.net\/nathan2\/wp-json\/wp\/v2\/types\/page"}],"author":[{"embeddable":true,"href":"https:\/\/www.educarep.net\/nathan2\/wp-json\/wp\/v2\/users\/1"}],"replies":[{"embeddable":true,"href":"https:\/\/www.educarep.net\/nathan2\/wp-json\/wp\/v2\/comments?post=29"}],"version-history":[{"count":3,"href":"https:\/\/www.educarep.net\/nathan2\/wp-json\/wp\/v2\/pages\/29\/revisions"}],"predecessor-version":[{"id":53,"href":"https:\/\/www.educarep.net\/nathan2\/wp-json\/wp\/v2\/pages\/29\/revisions\/53"}],"wp:attachment":[{"href":"https:\/\/www.educarep.net\/nathan2\/wp-json\/wp\/v2\/media?parent=29"}],"curies":[{"name":"wp","href":"https:\/\/api.w.org\/{rel}","templated":true}]}}