{"id":6,"date":"2025-09-15T09:33:16","date_gmt":"2025-09-15T09:33:16","guid":{"rendered":"https:\/\/www.educarep.net\/melyne%20devoir\/?page_id=6"},"modified":"2025-09-16T12:53:38","modified_gmt":"2025-09-16T12:53:38","slug":"accueil","status":"publish","type":"page","link":"https:\/\/www.educarep.net\/melyne%20devoir\/","title":{"rendered":"Accueil"},"content":{"rendered":"\n<div class=\"wp-block-cover alignfull\" style=\"min-height:720px;aspect-ratio:unset;\"><img loading=\"lazy\" decoding=\"async\" width=\"683\" height=\"1024\" class=\"wp-block-cover__image-background wp-image-40 size-large\" alt=\"feu d'artifice du vendredi 11 juillet\" src=\"https:\/\/www.educarep.net\/melyne%20devoir\/wp-content\/uploads\/2025\/09\/pexels-photo-17545539-17545539-683x1024.jpg\" style=\"object-position:50% 27%\" data-object-fit=\"cover\" data-object-position=\"50% 27%\" srcset=\"https:\/\/www.educarep.net\/melyne%20devoir\/wp-content\/uploads\/2025\/09\/pexels-photo-17545539-17545539-683x1024.jpg 683w, https:\/\/www.educarep.net\/melyne%20devoir\/wp-content\/uploads\/2025\/09\/pexels-photo-17545539-17545539-200x300.jpg 200w, https:\/\/www.educarep.net\/melyne%20devoir\/wp-content\/uploads\/2025\/09\/pexels-photo-17545539-17545539-768x1152.jpg 768w, https:\/\/www.educarep.net\/melyne%20devoir\/wp-content\/uploads\/2025\/09\/pexels-photo-17545539-17545539-1024x1536.jpg 1024w, https:\/\/www.educarep.net\/melyne%20devoir\/wp-content\/uploads\/2025\/09\/pexels-photo-17545539-17545539-1365x2048.jpg 1365w, https:\/\/www.educarep.net\/melyne%20devoir\/wp-content\/uploads\/2025\/09\/pexels-photo-17545539-17545539-scaled.jpg 1707w\" sizes=\"auto, (max-width: 683px) 100vw, 683px\" \/><span aria-hidden=\"true\" class=\"wp-block-cover__background has-background-dim wp-block-cover__gradient-background has-background-gradient\" style=\"background-color:#342644;background:linear-gradient(35deg,rgb(6,0,151) 0%,rgb(130,4,255) 73%,rgb(193,15,255) 100%)\"><\/span><div class=\"wp-block-cover__inner-container is-layout-flow wp-block-cover-is-layout-flow\">\n<div class=\"inherit-container-width wp-block-group alignwide is-layout-constrained wp-block-group-is-layout-constrained\">\n<div class=\"wp-block-media-text alignwide has-media-on-the-right is-stacked-on-mobile is-vertically-aligned-center\" style=\"grid-template-columns:auto 21%\"><div class=\"wp-block-media-text__content\">\n<h1 class=\"wp-block-heading has-text-align-left has-white-color has-text-color\">Festival de Brest<\/h1>\n\n\n\n<p class=\"has-white-color has-text-color wp-block-paragraph\">La rade en f\u00eate<\/p>\n\n\n\n<div class=\"wp-block-buttons is-layout-flex wp-block-buttons-is-layout-flex\">\n<div class=\"wp-block-button\"><a class=\"wp-block-button__link wp-element-button\" href=\"#\">Make a Website<\/a><\/div>\n<\/div>\n<\/div><figure class=\"wp-block-media-text__media\"><img loading=\"lazy\" decoding=\"async\" width=\"683\" height=\"1024\" src=\"https:\/\/www.educarep.net\/melyne%20devoir\/wp-content\/uploads\/2025\/09\/pexels-photo-1540406-1540406-683x1024.jpg\" alt=\"Energetic outdoor concert at night with a vibrant fireworks display and crowd enjoying live music.\" class=\"wp-image-48 size-full\" srcset=\"https:\/\/www.educarep.net\/melyne%20devoir\/wp-content\/uploads\/2025\/09\/pexels-photo-1540406-1540406-683x1024.jpg 683w, https:\/\/www.educarep.net\/melyne%20devoir\/wp-content\/uploads\/2025\/09\/pexels-photo-1540406-1540406-200x300.jpg 200w, https:\/\/www.educarep.net\/melyne%20devoir\/wp-content\/uploads\/2025\/09\/pexels-photo-1540406-1540406-768x1152.jpg 768w, https:\/\/www.educarep.net\/melyne%20devoir\/wp-content\/uploads\/2025\/09\/pexels-photo-1540406-1540406-1024x1536.jpg 1024w, https:\/\/www.educarep.net\/melyne%20devoir\/wp-content\/uploads\/2025\/09\/pexels-photo-1540406-1540406-1365x2048.jpg 1365w, https:\/\/www.educarep.net\/melyne%20devoir\/wp-content\/uploads\/2025\/09\/pexels-photo-1540406-1540406-scaled.jpg 1707w\" sizes=\"auto, (max-width: 683px) 100vw, 683px\" \/><\/figure><\/div>\n<\/div>\n<\/div><\/div>\n\n\n\n<div class=\"wp-block-group alignfull has-ast-global-color-5-background-color has-background is-layout-constrained wp-container-core-group-is-layout-43229c7f wp-block-group-is-layout-constrained\" style=\"padding-bottom:0px\"><\/div>\n\n\n\n<div class=\"wp-block-group alignfull is-layout-constrained wp-container-core-group-is-layout-4e34db42 wp-block-group-is-layout-constrained\" id=\"services\" style=\"padding-top:144px;padding-bottom:0px\">\n<h2 class=\"wp-block-heading\">Nos Services<\/h2>\n\n\n\n<div class=\"wp-block-columns is-layout-flex wp-container-core-columns-is-layout-23cffd99 wp-block-columns-is-layout-flex\" style=\"margin-top:50px\">\n<div class=\"wp-block-column is-layout-flow wp-container-core-column-is-layout-cbc690f8 wp-block-column-is-layout-flow\">\n<figure class=\"wp-block-gallery has-nested-images columns-default is-cropped wp-block-gallery-1 is-layout-flex wp-block-gallery-is-layout-flex\">\n<figure class=\"wp-block-image size-full is-style-default\"><img loading=\"lazy\" decoding=\"async\" width=\"842\" height=\"842\" data-id=\"46\" src=\"https:\/\/www.educarep.net\/melyne%20devoir\/wp-content\/uploads\/2025\/09\/ga5c476fb39e0fc3414972353457dce67db1371d643297fc8968725afa50bb2a9de05a820d1c0440feee8d4dcf35c0a195d0e9db5722eef1017d5c4c3fbade3d3_1280-7917858-edited.jpg\" alt=\"amsterdam, nature, vessel, ship, museum, holland, netherlands, water, sailboat amsterdam, sailboat\" class=\"wp-image-46\" srcset=\"https:\/\/www.educarep.net\/melyne%20devoir\/wp-content\/uploads\/2025\/09\/ga5c476fb39e0fc3414972353457dce67db1371d643297fc8968725afa50bb2a9de05a820d1c0440feee8d4dcf35c0a195d0e9db5722eef1017d5c4c3fbade3d3_1280-7917858-edited.jpg 842w, https:\/\/www.educarep.net\/melyne%20devoir\/wp-content\/uploads\/2025\/09\/ga5c476fb39e0fc3414972353457dce67db1371d643297fc8968725afa50bb2a9de05a820d1c0440feee8d4dcf35c0a195d0e9db5722eef1017d5c4c3fbade3d3_1280-7917858-edited-300x300.jpg 300w, https:\/\/www.educarep.net\/melyne%20devoir\/wp-content\/uploads\/2025\/09\/ga5c476fb39e0fc3414972353457dce67db1371d643297fc8968725afa50bb2a9de05a820d1c0440feee8d4dcf35c0a195d0e9db5722eef1017d5c4c3fbade3d3_1280-7917858-edited-150x150.jpg 150w, https:\/\/www.educarep.net\/melyne%20devoir\/wp-content\/uploads\/2025\/09\/ga5c476fb39e0fc3414972353457dce67db1371d643297fc8968725afa50bb2a9de05a820d1c0440feee8d4dcf35c0a195d0e9db5722eef1017d5c4c3fbade3d3_1280-7917858-edited-768x768.jpg 768w\" sizes=\"auto, (max-width: 842px) 100vw, 842px\" \/><\/figure>\n<\/figure>\n\n\n\n<h3 class=\"wp-block-heading\" style=\"margin-top:16px\">Nos voiliers et leurs navigateurs<\/h3>\n\n\n\n<p class=\"wp-block-paragraph\">Venez admirer des centaines de voiliers expos\u00e9 au port, visites possible sur place.<\/p>\n<\/div>\n\n\n\n<div class=\"wp-block-column is-layout-flow wp-container-core-column-is-layout-cbc690f8 wp-block-column-is-layout-flow\">\n<figure class=\"wp-block-image size-full\"><img loading=\"lazy\" decoding=\"async\" width=\"2560\" height=\"2560\" src=\"https:\/\/www.educarep.net\/melyne%20devoir\/wp-content\/uploads\/2025\/09\/pexels-photo-31235469-31235469-edited-scaled.jpg\" alt=\"Delicious mussels in creamy sauce with colorful cocktails in a cozy setting.\" class=\"wp-image-53\" srcset=\"https:\/\/www.educarep.net\/melyne%20devoir\/wp-content\/uploads\/2025\/09\/pexels-photo-31235469-31235469-edited-scaled.jpg 2560w, https:\/\/www.educarep.net\/melyne%20devoir\/wp-content\/uploads\/2025\/09\/pexels-photo-31235469-31235469-edited-300x300.jpg 300w, https:\/\/www.educarep.net\/melyne%20devoir\/wp-content\/uploads\/2025\/09\/pexels-photo-31235469-31235469-edited-1024x1024.jpg 1024w, https:\/\/www.educarep.net\/melyne%20devoir\/wp-content\/uploads\/2025\/09\/pexels-photo-31235469-31235469-edited-150x150.jpg 150w, https:\/\/www.educarep.net\/melyne%20devoir\/wp-content\/uploads\/2025\/09\/pexels-photo-31235469-31235469-edited-768x768.jpg 768w, https:\/\/www.educarep.net\/melyne%20devoir\/wp-content\/uploads\/2025\/09\/pexels-photo-31235469-31235469-edited-1536x1536.jpg 1536w, https:\/\/www.educarep.net\/melyne%20devoir\/wp-content\/uploads\/2025\/09\/pexels-photo-31235469-31235469-edited-2048x2048.jpg 2048w\" sizes=\"auto, (max-width: 2560px) 100vw, 2560px\" \/><\/figure>\n\n\n\n<h3 class=\"wp-block-heading\" style=\"margin-top:16px\">Nos restaurateurs<\/h3>\n\n\n\n<p class=\"wp-block-paragraph\">Venez faire p\u00e9tiller vos papiles en d\u00e9gustant les plats concocter sp\u00e9cialement pour vous. <\/p>\n<\/div>\n\n\n\n<div class=\"wp-block-column is-layout-flow wp-container-core-column-is-layout-cbc690f8 wp-block-column-is-layout-flow\">\n<figure class=\"wp-block-image size-full\"><img loading=\"lazy\" decoding=\"async\" width=\"1080\" height=\"1080\" src=\"https:\/\/www.educarep.net\/melyne%20devoir\/wp-content\/uploads\/2025\/09\/la-croix-rouge.jpg\" alt=\"la croix rouge secours fran\u00e7ais\" class=\"wp-image-55\" srcset=\"https:\/\/www.educarep.net\/melyne%20devoir\/wp-content\/uploads\/2025\/09\/la-croix-rouge.jpg 1080w, https:\/\/www.educarep.net\/melyne%20devoir\/wp-content\/uploads\/2025\/09\/la-croix-rouge-300x300.jpg 300w, https:\/\/www.educarep.net\/melyne%20devoir\/wp-content\/uploads\/2025\/09\/la-croix-rouge-1024x1024.jpg 1024w, https:\/\/www.educarep.net\/melyne%20devoir\/wp-content\/uploads\/2025\/09\/la-croix-rouge-150x150.jpg 150w, https:\/\/www.educarep.net\/melyne%20devoir\/wp-content\/uploads\/2025\/09\/la-croix-rouge-768x768.jpg 768w\" sizes=\"auto, (max-width: 1080px) 100vw, 1080px\" \/><\/figure>\n\n\n\n<h3 class=\"wp-block-heading\" style=\"margin-top:16px\">Nos poste de secours<\/h3>\n\n\n\n<p class=\"wp-block-paragraph\">Retrouver toutes les inforamtion sur la location de nos stands pr\u00e9vention et n&rsquo;h\u00e9siter \u00e0 vous arr\u00eater au plus proche.<\/p>\n<\/div>\n<\/div>\n<\/div>\n\n\n\n<div class=\"wp-block-group alignfull has-ast-global-color-5-background-color has-background is-layout-constrained wp-container-core-group-is-layout-33933fb1 wp-block-group-is-layout-constrained\" id=\"about\" style=\"padding-top:143px;padding-bottom:144px\"><\/div>\n\n\n\n<div class=\"wp-block-group alignfull is-layout-constrained wp-container-core-group-is-layout-c2ecd478 wp-block-group-is-layout-constrained\" id=\"whyus\" style=\"padding-top:144px;padding-bottom:144px\">\n<div class=\"wp-block-columns is-layout-flex wp-container-core-columns-is-layout-be1b85cf wp-block-columns-is-layout-flex\" style=\"margin-top:60px\">\n<div class=\"wp-block-column is-layout-flow wp-container-core-column-is-layout-cbc690f8 wp-block-column-is-layout-flow\"><\/div>\n<\/div>\n<\/div>\n\n\n\n<div class=\"wp-block-cover alignfull is-light\" style=\"min-height:500px;aspect-ratio:unset;\" id=\"contact\"><img loading=\"lazy\" decoding=\"async\" width=\"770\" height=\"513\" class=\"wp-block-cover__image-background wp-image-58 size-full\" alt=\"\" src=\"https:\/\/www.educarep.net\/melyne%20devoir\/wp-content\/uploads\/2025\/09\/wordpress.jpg\" style=\"object-position:50% 50%\" data-object-fit=\"cover\" data-object-position=\"50% 50%\" srcset=\"https:\/\/www.educarep.net\/melyne%20devoir\/wp-content\/uploads\/2025\/09\/wordpress.jpg 770w, https:\/\/www.educarep.net\/melyne%20devoir\/wp-content\/uploads\/2025\/09\/wordpress-300x200.jpg 300w, https:\/\/www.educarep.net\/melyne%20devoir\/wp-content\/uploads\/2025\/09\/wordpress-768x512.jpg 768w\" sizes=\"auto, (max-width: 770px) 100vw, 770px\" \/><span aria-hidden=\"true\" class=\"wp-block-cover__background has-background-dim wp-block-cover__gradient-background has-background-gradient\" style=\"background-color:#81858a;background:linear-gradient(35deg,rgb(6,0,151) 0%,rgb(130,4,255) 64%,rgb(193,15,255) 98%)\"><\/span><div class=\"wp-block-cover__inner-container is-layout-flow wp-block-cover-is-layout-flow\">\n<div class=\"wp-block-group alignfull is-layout-constrained wp-container-core-group-is-layout-64045e40 wp-block-group-is-layout-constrained\" id=\"contact\" style=\"padding-top:104px;padding-bottom:104px\">\n<h2 class=\"wp-block-heading has-text-align-center has-text-color\" style=\"color:#ffffff\">Nous vous attendons nombreux ! <\/h2>\n\n\n\n<div class=\"wp-block-buttons alignwide is-horizontal is-content-justification-center is-layout-flex wp-container-core-buttons-is-layout-5efe3877 wp-block-buttons-is-layout-flex\" style=\"margin-top:50px\">\n<div class=\"wp-block-button\"><a class=\"wp-block-button__link wp-element-button\">R\u00e9serve ta place !<\/a><\/div>\n<\/div>\n<\/div>\n<\/div><\/div>\n\n\n\n<p class=\"wp-block-paragraph\"><\/p>\n","protected":false},"excerpt":{"rendered":"<p>Nos Services Nos voiliers et leurs navigateurs Venez admirer des centaines de voiliers expos\u00e9 au port, visites possible sur place. [&hellip;]<\/p>\n","protected":false},"author":1,"featured_media":0,"parent":0,"menu_order":0,"comment_status":"closed","ping_status":"closed","template":"","meta":{"_uag_custom_page_level_css":"","site-sidebar-layout":"no-sidebar","site-content-layout":"plain-container","ast-site-content-layout":"default","site-content-style":"default","site-sidebar-style":"default","ast-global-header-display":"","ast-banner-title-visibility":"","ast-main-header-display":"","ast-hfb-above-header-display":"","ast-hfb-below-header-display":"","ast-hfb-mobile-header-display":"","site-post-title":"disabled","ast-breadcrumbs-content":"","ast-featured-img":"","footer-sml-layout":"","theme-transparent-header-meta":"enabled","adv-header-id-meta":"","stick-header-meta":"","header-above-stick-meta":"","header-main-stick-meta":"","header-below-stick-meta":"","astra-migrate-meta-layouts":"default","ast-page-background-enabled":"default","ast-page-background-meta":{"desktop":{"background-color":"var(--ast-global-color-5)","background-image":"","background-repeat":"repeat","background-position":"center center","background-size":"auto","background-attachment":"scroll","background-type":"","background-media":"","overlay-type":"","overlay-color":"","overlay-opacity":"","overlay-gradient":""},"tablet":{"background-color":"","background-image":"","background-repeat":"repeat","background-position":"center center","background-size":"auto","background-attachment":"scroll","background-type":"","background-media":"","overlay-type":"","overlay-color":"","overlay-opacity":"","overlay-gradient":""},"mobile":{"background-color":"","background-image":"","background-repeat":"repeat","background-position":"center center","background-size":"auto","background-attachment":"scroll","background-type":"","background-media":"","overlay-type":"","overlay-color":"","overlay-opacity":"","overlay-gradient":""}},"ast-content-background-meta":{"desktop":{"background-color":"var(--ast-global-color-4)","background-image":"","background-repeat":"repeat","background-position":"center center","background-size":"auto","background-attachment":"scroll","background-type":"","background-media":"","overlay-type":"","overlay-color":"","overlay-opacity":"","overlay-gradient":""},"tablet":{"background-color":"var(--ast-global-color-4)","background-image":"","background-repeat":"repeat","background-position":"center center","background-size":"auto","background-attachment":"scroll","background-type":"","background-media":"","overlay-type":"","overlay-color":"","overlay-opacity":"","overlay-gradient":""},"mobile":{"background-color":"var(--ast-global-color-4)","background-image":"","background-repeat":"repeat","background-position":"center center","background-size":"auto","background-attachment":"scroll","background-type":"","background-media":"","overlay-type":"","overlay-color":"","overlay-opacity":"","overlay-gradient":""}},"footnotes":""},"class_list":["post-6","page","type-page","status-publish","hentry"],"yoast_head":"<!-- This site is optimized with the Yoast SEO plugin v25.9 - https:\/\/yoast.com\/wordpress\/plugins\/seo\/ -->\n<title>Accueil - Festival de Brest<\/title>\n<meta name=\"robots\" content=\"index, follow, max-snippet:-1, max-image-preview:large, max-video-preview:-1\" \/>\n<link rel=\"canonical\" href=\"https:\/\/www.educarep.net\/melyne%20devoir\/\" \/>\n<meta property=\"og:locale\" content=\"fr_FR\" \/>\n<meta property=\"og:type\" content=\"article\" \/>\n<meta property=\"og:title\" content=\"Accueil - Festival de Brest\" \/>\n<meta property=\"og:description\" content=\"Nos Services Nos voiliers et leurs navigateurs Venez admirer des centaines de voiliers expos\u00e9 au port, visites possible sur place. [&hellip;]\" \/>\n<meta property=\"og:url\" content=\"https:\/\/www.educarep.net\/melyne devoir\/\" \/>\n<meta property=\"og:site_name\" content=\"Festival de Brest\" \/>\n<meta property=\"article:modified_time\" content=\"2025-09-16T12:53:38+00:00\" \/>\n<meta property=\"og:image\" content=\"https:\/\/www.educarep.net\/melyne%20devoir\/wp-content\/uploads\/2025\/09\/pexels-photo-17545539-17545539-scaled.jpg\" \/>\n\t<meta property=\"og:image:width\" content=\"1707\" \/>\n\t<meta property=\"og:image:height\" content=\"2560\" \/>\n\t<meta property=\"og:image:type\" content=\"image\/jpeg\" \/>\n<meta name=\"twitter:card\" content=\"summary_large_image\" \/>\n<meta name=\"twitter:label1\" content=\"Dur\u00e9e de lecture estim\u00e9e\" \/>\n\t<meta name=\"twitter:data1\" content=\"2 minutes\" \/>\n<script type=\"application\/ld+json\" class=\"yoast-schema-graph\">{\"@context\":\"https:\/\/schema.org\",\"@graph\":[{\"@type\":\"WebPage\",\"@id\":\"https:\/\/www.educarep.net\/melyne%20devoir\/\",\"url\":\"https:\/\/www.educarep.net\/melyne%20devoir\/\",\"name\":\"Accueil - Festival de Brest\",\"isPartOf\":{\"@id\":\"https:\/\/www.educarep.net\/melyne%20devoir\/#website\"},\"primaryImageOfPage\":{\"@id\":\"https:\/\/www.educarep.net\/melyne%20devoir\/#primaryimage\"},\"image\":{\"@id\":\"https:\/\/www.educarep.net\/melyne%20devoir\/#primaryimage\"},\"thumbnailUrl\":\"https:\/\/www.educarep.net\/melyne%20devoir\/wp-content\/uploads\/2025\/09\/pexels-photo-17545539-17545539-683x1024.jpg\",\"datePublished\":\"2025-09-15T09:33:16+00:00\",\"dateModified\":\"2025-09-16T12:53:38+00:00\",\"breadcrumb\":{\"@id\":\"https:\/\/www.educarep.net\/melyne%20devoir\/#breadcrumb\"},\"inLanguage\":\"fr-FR\",\"potentialAction\":[{\"@type\":\"ReadAction\",\"target\":[\"https:\/\/www.educarep.net\/melyne%20devoir\/\"]}]},{\"@type\":\"ImageObject\",\"inLanguage\":\"fr-FR\",\"@id\":\"https:\/\/www.educarep.net\/melyne%20devoir\/#primaryimage\",\"url\":\"https:\/\/www.educarep.net\/melyne%20devoir\/wp-content\/uploads\/2025\/09\/pexels-photo-17545539-17545539-scaled.jpg\",\"contentUrl\":\"https:\/\/www.educarep.net\/melyne%20devoir\/wp-content\/uploads\/2025\/09\/pexels-photo-17545539-17545539-scaled.jpg\",\"width\":1707,\"height\":2560,\"caption\":\"Feu d'artifice pour lancer la premi\u00e8re soir\u00e9e des f\u00eates maritime\"},{\"@type\":\"BreadcrumbList\",\"@id\":\"https:\/\/www.educarep.net\/melyne%20devoir\/#breadcrumb\",\"itemListElement\":[{\"@type\":\"ListItem\",\"position\":1,\"name\":\"Accueil\",\"item\":\"https:\/\/www.educarep.net\/melyne%20devoir\/\"},{\"@type\":\"ListItem\",\"position\":2,\"name\":\"Accueil\"}]},{\"@type\":\"WebSite\",\"@id\":\"https:\/\/www.educarep.net\/melyne%20devoir\/#website\",\"url\":\"https:\/\/www.educarep.net\/melyne%20devoir\/\",\"name\":\"Festival de Brest\",\"description\":\"La rade en f\u00eate !\",\"publisher\":{\"@id\":\"https:\/\/www.educarep.net\/melyne%20devoir\/#organization\"},\"potentialAction\":[{\"@type\":\"SearchAction\",\"target\":{\"@type\":\"EntryPoint\",\"urlTemplate\":\"https:\/\/www.educarep.net\/melyne%20devoir\/?s={search_term_string}\"},\"query-input\":{\"@type\":\"PropertyValueSpecification\",\"valueRequired\":true,\"valueName\":\"search_term_string\"}}],\"inLanguage\":\"fr-FR\"},{\"@type\":\"Organization\",\"@id\":\"https:\/\/www.educarep.net\/melyne%20devoir\/#organization\",\"name\":\"Festival de Brest\",\"url\":\"https:\/\/www.educarep.net\/melyne%20devoir\/\",\"logo\":{\"@type\":\"ImageObject\",\"inLanguage\":\"fr-FR\",\"@id\":\"https:\/\/www.educarep.net\/melyne%20devoir\/#\/schema\/logo\/image\/\",\"url\":\"https:\/\/www.educarep.net\/melyne%20devoir\/wp-content\/uploads\/2025\/09\/cropped-pexels-photo-1763075-1763075-scaled-2.jpg\",\"contentUrl\":\"https:\/\/www.educarep.net\/melyne%20devoir\/wp-content\/uploads\/2025\/09\/cropped-pexels-photo-1763075-1763075-scaled-2.jpg\",\"width\":2557,\"height\":852,\"caption\":\"Festival de Brest\"},\"image\":{\"@id\":\"https:\/\/www.educarep.net\/melyne%20devoir\/#\/schema\/logo\/image\/\"}}]}<\/script>\n<!-- \/ Yoast SEO plugin. -->","yoast_head_json":{"title":"Accueil - Festival de Brest","robots":{"index":"index","follow":"follow","max-snippet":"max-snippet:-1","max-image-preview":"max-image-preview:large","max-video-preview":"max-video-preview:-1"},"canonical":"https:\/\/www.educarep.net\/melyne devoir\/","og_locale":"fr_FR","og_type":"article","og_title":"Accueil - Festival de Brest","og_description":"Nos Services Nos voiliers et leurs navigateurs Venez admirer des centaines de voiliers expos\u00e9 au port, visites possible sur place. [&hellip;]","og_url":"https:\/\/www.educarep.net\/melyne devoir\/","og_site_name":"Festival de Brest","article_modified_time":"2025-09-16T12:53:38+00:00","og_image":[{"width":1707,"height":2560,"url":"https:\/\/www.educarep.net\/melyne%20devoir\/wp-content\/uploads\/2025\/09\/pexels-photo-17545539-17545539-scaled.jpg","type":"image\/jpeg"}],"twitter_card":"summary_large_image","twitter_misc":{"Dur\u00e9e de lecture estim\u00e9e":"2 minutes"},"schema":{"@context":"https:\/\/schema.org","@graph":[{"@type":"WebPage","@id":"https:\/\/www.educarep.net\/melyne%20devoir\/","url":"https:\/\/www.educarep.net\/melyne%20devoir\/","name":"Accueil - Festival de Brest","isPartOf":{"@id":"https:\/\/www.educarep.net\/melyne%20devoir\/#website"},"primaryImageOfPage":{"@id":"https:\/\/www.educarep.net\/melyne%20devoir\/#primaryimage"},"image":{"@id":"https:\/\/www.educarep.net\/melyne%20devoir\/#primaryimage"},"thumbnailUrl":"https:\/\/www.educarep.net\/melyne%20devoir\/wp-content\/uploads\/2025\/09\/pexels-photo-17545539-17545539-683x1024.jpg","datePublished":"2025-09-15T09:33:16+00:00","dateModified":"2025-09-16T12:53:38+00:00","breadcrumb":{"@id":"https:\/\/www.educarep.net\/melyne%20devoir\/#breadcrumb"},"inLanguage":"fr-FR","potentialAction":[{"@type":"ReadAction","target":["https:\/\/www.educarep.net\/melyne%20devoir\/"]}]},{"@type":"ImageObject","inLanguage":"fr-FR","@id":"https:\/\/www.educarep.net\/melyne%20devoir\/#primaryimage","url":"https:\/\/www.educarep.net\/melyne%20devoir\/wp-content\/uploads\/2025\/09\/pexels-photo-17545539-17545539-scaled.jpg","contentUrl":"https:\/\/www.educarep.net\/melyne%20devoir\/wp-content\/uploads\/2025\/09\/pexels-photo-17545539-17545539-scaled.jpg","width":1707,"height":2560,"caption":"Feu d'artifice pour lancer la premi\u00e8re soir\u00e9e des f\u00eates maritime"},{"@type":"BreadcrumbList","@id":"https:\/\/www.educarep.net\/melyne%20devoir\/#breadcrumb","itemListElement":[{"@type":"ListItem","position":1,"name":"Accueil","item":"https:\/\/www.educarep.net\/melyne%20devoir\/"},{"@type":"ListItem","position":2,"name":"Accueil"}]},{"@type":"WebSite","@id":"https:\/\/www.educarep.net\/melyne%20devoir\/#website","url":"https:\/\/www.educarep.net\/melyne%20devoir\/","name":"Festival de Brest","description":"La rade en f\u00eate !","publisher":{"@id":"https:\/\/www.educarep.net\/melyne%20devoir\/#organization"},"potentialAction":[{"@type":"SearchAction","target":{"@type":"EntryPoint","urlTemplate":"https:\/\/www.educarep.net\/melyne%20devoir\/?s={search_term_string}"},"query-input":{"@type":"PropertyValueSpecification","valueRequired":true,"valueName":"search_term_string"}}],"inLanguage":"fr-FR"},{"@type":"Organization","@id":"https:\/\/www.educarep.net\/melyne%20devoir\/#organization","name":"Festival de Brest","url":"https:\/\/www.educarep.net\/melyne%20devoir\/","logo":{"@type":"ImageObject","inLanguage":"fr-FR","@id":"https:\/\/www.educarep.net\/melyne%20devoir\/#\/schema\/logo\/image\/","url":"https:\/\/www.educarep.net\/melyne%20devoir\/wp-content\/uploads\/2025\/09\/cropped-pexels-photo-1763075-1763075-scaled-2.jpg","contentUrl":"https:\/\/www.educarep.net\/melyne%20devoir\/wp-content\/uploads\/2025\/09\/cropped-pexels-photo-1763075-1763075-scaled-2.jpg","width":2557,"height":852,"caption":"Festival de Brest"},"image":{"@id":"https:\/\/www.educarep.net\/melyne%20devoir\/#\/schema\/logo\/image\/"}}]}},"uagb_featured_image_src":{"full":false,"thumbnail":false,"medium":false,"medium_large":false,"large":false,"1536x1536":false,"2048x2048":false},"uagb_author_info":{"display_name":"desamais","author_link":"https:\/\/www.educarep.net\/melyne%20devoir\/?author=1"},"uagb_comment_info":0,"uagb_excerpt":"Nos Services Nos voiliers et leurs navigateurs Venez admirer des centaines de voiliers expos\u00e9 au port, visites possible sur place. [&hellip;]","_links":{"self":[{"href":"https:\/\/www.educarep.net\/melyne%20devoir\/index.php?rest_route=\/wp\/v2\/pages\/6","targetHints":{"allow":["GET"]}}],"collection":[{"href":"https:\/\/www.educarep.net\/melyne%20devoir\/index.php?rest_route=\/wp\/v2\/pages"}],"about":[{"href":"https:\/\/www.educarep.net\/melyne%20devoir\/index.php?rest_route=\/wp\/v2\/types\/page"}],"author":[{"embeddable":true,"href":"https:\/\/www.educarep.net\/melyne%20devoir\/index.php?rest_route=\/wp\/v2\/users\/1"}],"replies":[{"embeddable":true,"href":"https:\/\/www.educarep.net\/melyne%20devoir\/index.php?rest_route=%2Fwp%2Fv2%2Fcomments&post=6"}],"version-history":[{"count":10,"href":"https:\/\/www.educarep.net\/melyne%20devoir\/index.php?rest_route=\/wp\/v2\/pages\/6\/revisions"}],"predecessor-version":[{"id":61,"href":"https:\/\/www.educarep.net\/melyne%20devoir\/index.php?rest_route=\/wp\/v2\/pages\/6\/revisions\/61"}],"wp:attachment":[{"href":"https:\/\/www.educarep.net\/melyne%20devoir\/index.php?rest_route=%2Fwp%2Fv2%2Fmedia&parent=6"}],"curies":[{"name":"wp","href":"https:\/\/api.w.org\/{rel}","templated":true}]}}