{"id":30,"date":"2026-06-03T11:43:17","date_gmt":"2026-06-03T11:43:17","guid":{"rendered":"https:\/\/www.educarep.net\/guillec\/?page_id=30"},"modified":"2026-06-03T12:24:07","modified_gmt":"2026-06-03T12:24:07","slug":"articles","status":"publish","type":"page","link":"https:\/\/www.educarep.net\/guillec\/articles\/","title":{"rendered":"Articles"},"content":{"rendered":"\n<h1 class=\"wp-block-heading\">Brest une ville pas comme les autres <\/h1>\n\n\n\n<div class=\"wp-block-uagb-advanced-heading uagb-block-2b51d048\"><h2 class=\"uagb-heading-text\">Brest connu pour son histoire maritime notamment avec son port situ\u00e9 \u00e0 la pointe du Finist\u00e8re et connu \u00e9galement pour sa rade rempli de secret et dynamique avec plusieurs activit\u00e9 propos\u00e9 tout au long de l&rsquo;ann\u00e9e.<\/h2><\/div>\n\n\n\n<div class=\"wp-block-uagb-advanced-heading uagb-block-3b75d67f\"><\/div>\n\n\n\n<p class=\"wp-block-paragraph\"><\/p>\n\n\n\n<div class=\"wp-block-uagb-advanced-heading uagb-block-baee3692\"><h2 class=\"uagb-heading-text\">Les diff\u00e9rents lieux \u00e0 visiter <\/h2><\/div>\n\n\n\n<p class=\"wp-block-paragraph\"><\/p>\n\n\n\n<h3 class=\"wp-block-heading\">Que cela soit pour une sortie afin de d\u00e9couvrir par exemple le ch\u00e2teau de Brest et son mus\u00e9e Maritime situ\u00e9 pr\u00e8s de la rive droite et du pont de recouvrance ou encore une escapade pour d\u00e9couvrir le monde marin \u00e0 Oc\u00e9anopolis avec ses phoques, ses poissons et plein d&rsquo;autres esp\u00e8ces vous pourrez d\u00e9couvrir le monde marin sous tous ces angles. <\/h3>\n\n\n\n<div class=\"wp-block-uagb-advanced-heading uagb-block-5a227137\"><h3 class=\"uagb-heading-text\">Ou bien encore Les atelier des capucins qui est un espace de loisir et de culture qui \u00e9tait au paravant un ancien arsenal militaire, vous pourrez y retrouver m\u00e9diath\u00e8que, cin\u00e9ma, restaurant, espaces pour y faire du sport&#8230;<\/h3><\/div>\n\n\n\n<p class=\"wp-block-paragraph\"><\/p>\n\n\n\n<div class=\"wp-block-uagb-advanced-heading uagb-block-66c17566\"><h3 class=\"uagb-heading-text\">Et enfin vous pourrez \u00e9galement aller \u00e9galement vous promener \u00e0 La Cour Dajot qui offre un panorama magnifique sur la rade de Brest <\/h3><\/div>\n\n\n\n<p class=\"wp-block-paragraph\"><\/p>\n\n\n\n<div class=\"wp-block-uagb-advanced-heading uagb-block-b3043be1\"><h2 class=\"uagb-heading-text\">Les activit\u00e9s <\/h2><\/div>\n\n\n\n<p class=\"wp-block-paragraph\"><\/p>\n\n\n\n<div class=\"wp-block-uagb-advanced-heading uagb-block-0dab2158\"><h3 class=\"uagb-heading-text\">Tout autour de Brest vous aurez la possibilit\u00e9 de r\u00e9aliser diff\u00e9rentes activit\u00e9, par exemple visiter le phare du petit Minou pr\u00e8s de Plouzan\u00e9 (tr\u00e8s beau phare), ou encore prendre le t\u00e9l\u00e9ph\u00e9rique pour aller jusqu&rsquo;au Capucin qui est le premier installer en France. <\/h3><\/div>\n\n\n\n<div class=\"wp-block-uagb-advanced-heading uagb-block-108047a3\"><h3 class=\"uagb-heading-text\">Pour un peu plus de repos vous pourrez vous balader au Vallon du Stang Alar qui habite un jardin botanique <\/h3><\/div>\n\n\n\n<div class=\"wp-block-uagb-advanced-heading uagb-block-ad06f87f\"><h3 class=\"uagb-heading-text\">Et pour terminer la journ\u00e9e vous pouvez vous rendre sur le port de commerce et\/ou de plaisance afin de prendre un verre entre amis ou en famille. <\/h3><\/div>\n\n\n\n<p class=\"wp-block-paragraph\"><\/p>\n\n\n\n<div class=\"wp-block-uagb-advanced-heading uagb-block-b45808c2\"><h2 class=\"uagb-heading-text\">Conseils pratiques <\/h2><\/div>\n\n\n\n<p class=\"wp-block-paragraph\"><\/p>\n\n\n\n<div class=\"wp-block-uagb-advanced-heading uagb-block-92ebcc64\"><h3 class=\"uagb-heading-text\">P\u00e9riode id\u00e9ale : et le printemps et l&rsquo;\u00e9t\u00e9 car vous pourrez y retrouver les f\u00eates Maritimes, f\u00eate embl\u00e9matique du secteur !<\/h3><\/div>\n\n\n\n<div class=\"wp-block-uagb-advanced-heading uagb-block-b24c788f\"><h3 class=\"uagb-heading-text\">Transports : Vous pourrez vous d\u00e9placer en tramway et en t\u00e9l\u00e9ph\u00e9rique au seins de la ville <\/h3><\/div>\n\n\n\n<div class=\"wp-block-uagb-advanced-heading uagb-block-6a10ebf9\"><h3 class=\"uagb-heading-text\">H\u00e9bergement : Il y a plusieurs h\u00f4tels  dans la ville ou un peu plus excentr\u00e9 si vous souhaitez un peu plus de calme <\/h3><\/div>\n\n\n\n<p class=\"wp-block-paragraph\"><\/p>\n\n\n\n<div class=\"wp-block-uagb-advanced-heading uagb-block-414a2c87\"><h2 class=\"uagb-heading-text\">Si vous souhaitez plus d&rsquo;informations n&rsquo;h\u00e9sitez pas a nous contacter via le lien ci-dessous ! <\/h2><\/div>\n\n\n\n<div class=\"wp-block-uagb-call-to-action uagb-block-82b4849f wp-block-button\"><div class=\"uagb-cta__wrap\"><\/div><div class=\"uagb-cta__buttons\"><a href=\"#\" class=\"uagb-cta__button-link-wrapper wp-block-button__link\" target=\"_self\" rel=\"noopener noreferrer\">Contactez-nous <svg xmlns=\"https:\/\/www.w3.org\/2000\/svg\" viewBox=\"0 0 512 512\"><path d=\"M504.3 273.6l-112.1 104c-6.992 6.484-17.18 8.218-25.94 4.406c-8.758-3.812-14.42-12.45-14.42-21.1L351.9 288H32C14.33 288 .0002 273.7 .0002 255.1S14.33 224 32 224h319.9l0-72c0-9.547 5.66-18.19 14.42-22c8.754-3.809 18.95-2.075 25.94 4.41l112.1 104C514.6 247.9 514.6 264.1 504.3 273.6z\"><\/path><\/svg><\/a><\/div><\/div>\n\n\n\n<div class=\"wp-block-uagb-image uagb-block-4075afce wp-block-uagb-image--layout-default wp-block-uagb-image--effect-static wp-block-uagb-image--align-none\"><figure class=\"wp-block-uagb-image__figure\"><img decoding=\"async\" srcset=\"https:\/\/www.educarep.net\/guillec\/wp-content\/uploads\/2026\/05\/Capture-decran-2026-05-31-a-14.11.10.png ,https:\/\/www.educarep.net\/guillec\/wp-content\/uploads\/2026\/05\/Capture-decran-2026-05-31-a-14.11.10.png 780w, https:\/\/www.educarep.net\/guillec\/wp-content\/uploads\/2026\/05\/Capture-decran-2026-05-31-a-14.11.10.png 360w\" sizes=\"auto, (max-width: 480px) 150px\" src=\"https:\/\/www.educarep.net\/guillec\/wp-content\/uploads\/2026\/05\/Capture-decran-2026-05-31-a-14.11.10.png\" alt=\"le t\u00e9l\u00e9ph\u00e9rique de brest \" class=\"uag-image-26\" width=\"720\" height=\"403\" title=\"Capture d\u2019\u00e9cran 2026-05-31 \u00e0 14.11.10\" loading=\"lazy\" role=\"img\"\/><\/figure><\/div>\n\n\n\n<p class=\"wp-block-paragraph\"><\/p>\n","protected":false},"excerpt":{"rendered":"<p>Brest une ville pas comme les autres Brest connu pour son histoire maritime notamment avec son port situ\u00e9 \u00e0 la [&hellip;]<\/p>\n","protected":false},"author":1,"featured_media":0,"parent":0,"menu_order":0,"comment_status":"closed","ping_status":"closed","template":"","meta":{"_uag_custom_page_level_css":"","site-sidebar-layout":"default","site-content-layout":"","ast-site-content-layout":"default","site-content-style":"default","site-sidebar-style":"default","ast-global-header-display":"","ast-banner-title-visibility":"","ast-main-header-display":"","ast-hfb-above-header-display":"","ast-hfb-below-header-display":"","ast-hfb-mobile-header-display":"","site-post-title":"","ast-breadcrumbs-content":"","ast-featured-img":"","footer-sml-layout":"","ast-disable-related-posts":"","theme-transparent-header-meta":"","adv-header-id-meta":"","stick-header-meta":"","header-above-stick-meta":"","header-main-stick-meta":"","header-below-stick-meta":"","astra-migrate-meta-layouts":"default","ast-page-background-enabled":"default","ast-page-background-meta":{"desktop":{"background-color":"var(--ast-global-color-5)","background-image":"","background-repeat":"repeat","background-position":"center center","background-size":"auto","background-attachment":"scroll","background-type":"","background-media":"","overlay-type":"","overlay-color":"","overlay-opacity":"","overlay-gradient":""},"tablet":{"background-color":"","background-image":"","background-repeat":"repeat","background-position":"center center","background-size":"auto","background-attachment":"scroll","background-type":"","background-media":"","overlay-type":"","overlay-color":"","overlay-opacity":"","overlay-gradient":""},"mobile":{"background-color":"","background-image":"","background-repeat":"repeat","background-position":"center center","background-size":"auto","background-attachment":"scroll","background-type":"","background-media":"","overlay-type":"","overlay-color":"","overlay-opacity":"","overlay-gradient":""}},"ast-content-background-meta":{"desktop":{"background-color":"var(--ast-global-color-4)","background-image":"","background-repeat":"repeat","background-position":"center center","background-size":"auto","background-attachment":"scroll","background-type":"","background-media":"","overlay-type":"","overlay-color":"","overlay-opacity":"","overlay-gradient":""},"tablet":{"background-color":"var(--ast-global-color-4)","background-image":"","background-repeat":"repeat","background-position":"center center","background-size":"auto","background-attachment":"scroll","background-type":"","background-media":"","overlay-type":"","overlay-color":"","overlay-opacity":"","overlay-gradient":""},"mobile":{"background-color":"var(--ast-global-color-4)","background-image":"","background-repeat":"repeat","background-position":"center center","background-size":"auto","background-attachment":"scroll","background-type":"","background-media":"","overlay-type":"","overlay-color":"","overlay-opacity":"","overlay-gradient":""}},"footnotes":""},"class_list":["post-30","page","type-page","status-publish","hentry"],"yoast_head":"<!-- This site is optimized with the Yoast SEO plugin v27.7 - https:\/\/yoast.com\/product\/yoast-seo-wordpress\/ -->\n<title>Articles - Vacances<\/title>\n<meta name=\"description\" content=\"Brest est ses diff\u00e9rentes activit\u00e9s, ses lieux a visiter, et des petits conseil pratique : une ville pas comme les autres\" \/>\n<meta name=\"robots\" content=\"index, follow, max-snippet:-1, max-image-preview:large, max-video-preview:-1\" \/>\n<link rel=\"canonical\" href=\"https:\/\/www.educarep.net\/guillec\/articles\/\" \/>\n<meta property=\"og:locale\" content=\"fr_FR\" \/>\n<meta property=\"og:type\" content=\"article\" \/>\n<meta property=\"og:title\" content=\"Articles - Vacances\" \/>\n<meta property=\"og:description\" content=\"Brest est ses diff\u00e9rentes activit\u00e9s, ses lieux a visiter, et des petits conseil pratique : une ville pas comme les autres\" \/>\n<meta property=\"og:url\" content=\"https:\/\/www.educarep.net\/guillec\/articles\/\" \/>\n<meta property=\"og:site_name\" content=\"Vacances\" \/>\n<meta property=\"article:modified_time\" content=\"2026-06-03T12:24:07+00:00\" \/>\n<meta property=\"og:image\" content=\"https:\/\/www.educarep.net\/guillec\/wp-content\/uploads\/2026\/05\/Capture-decran-2026-05-31-a-14.11.10.png\" \/>\n<meta name=\"twitter:card\" content=\"summary_large_image\" \/>\n<meta name=\"twitter:label1\" content=\"Dur\u00e9e de lecture estim\u00e9e\" \/>\n\t<meta name=\"twitter:data1\" content=\"2 minutes\" \/>\n<script type=\"application\/ld+json\" class=\"yoast-schema-graph\">{\"@context\":\"https:\\\/\\\/schema.org\",\"@graph\":[{\"@type\":\"WebPage\",\"@id\":\"https:\\\/\\\/www.educarep.net\\\/guillec\\\/articles\\\/\",\"url\":\"https:\\\/\\\/www.educarep.net\\\/guillec\\\/articles\\\/\",\"name\":\"Articles - Vacances\",\"isPartOf\":{\"@id\":\"https:\\\/\\\/www.educarep.net\\\/guillec\\\/#website\"},\"primaryImageOfPage\":{\"@id\":\"https:\\\/\\\/www.educarep.net\\\/guillec\\\/articles\\\/#primaryimage\"},\"image\":{\"@id\":\"https:\\\/\\\/www.educarep.net\\\/guillec\\\/articles\\\/#primaryimage\"},\"thumbnailUrl\":\"https:\\\/\\\/www.educarep.net\\\/guillec\\\/wp-content\\\/uploads\\\/2026\\\/05\\\/Capture-decran-2026-05-31-a-14.11.10.png\",\"datePublished\":\"2026-06-03T11:43:17+00:00\",\"dateModified\":\"2026-06-03T12:24:07+00:00\",\"description\":\"Brest est ses diff\u00e9rentes activit\u00e9s, ses lieux a visiter, et des petits conseil pratique : une ville pas comme les autres\",\"breadcrumb\":{\"@id\":\"https:\\\/\\\/www.educarep.net\\\/guillec\\\/articles\\\/#breadcrumb\"},\"inLanguage\":\"fr-FR\",\"potentialAction\":[{\"@type\":\"ReadAction\",\"target\":[\"https:\\\/\\\/www.educarep.net\\\/guillec\\\/articles\\\/\"]}]},{\"@type\":\"ImageObject\",\"inLanguage\":\"fr-FR\",\"@id\":\"https:\\\/\\\/www.educarep.net\\\/guillec\\\/articles\\\/#primaryimage\",\"url\":\"https:\\\/\\\/www.educarep.net\\\/guillec\\\/wp-content\\\/uploads\\\/2026\\\/05\\\/Capture-decran-2026-05-31-a-14.11.10.png\",\"contentUrl\":\"https:\\\/\\\/www.educarep.net\\\/guillec\\\/wp-content\\\/uploads\\\/2026\\\/05\\\/Capture-decran-2026-05-31-a-14.11.10.png\",\"width\":720,\"height\":403,\"caption\":\"le t\u00e9l\u00e9ph\u00e9rique de brest\"},{\"@type\":\"BreadcrumbList\",\"@id\":\"https:\\\/\\\/www.educarep.net\\\/guillec\\\/articles\\\/#breadcrumb\",\"itemListElement\":[{\"@type\":\"ListItem\",\"position\":1,\"name\":\"Accueil\",\"item\":\"https:\\\/\\\/www.educarep.net\\\/guillec\\\/\"},{\"@type\":\"ListItem\",\"position\":2,\"name\":\"Articles\"}]},{\"@type\":\"WebSite\",\"@id\":\"https:\\\/\\\/www.educarep.net\\\/guillec\\\/#website\",\"url\":\"https:\\\/\\\/www.educarep.net\\\/guillec\\\/\",\"name\":\"Vacances\",\"description\":\"Agence de voyage\",\"publisher\":{\"@id\":\"https:\\\/\\\/www.educarep.net\\\/guillec\\\/#organization\"},\"potentialAction\":[{\"@type\":\"SearchAction\",\"target\":{\"@type\":\"EntryPoint\",\"urlTemplate\":\"https:\\\/\\\/www.educarep.net\\\/guillec\\\/?s={search_term_string}\"},\"query-input\":{\"@type\":\"PropertyValueSpecification\",\"valueRequired\":true,\"valueName\":\"search_term_string\"}}],\"inLanguage\":\"fr-FR\"},{\"@type\":\"Organization\",\"@id\":\"https:\\\/\\\/www.educarep.net\\\/guillec\\\/#organization\",\"name\":\"Vacances\",\"url\":\"https:\\\/\\\/www.educarep.net\\\/guillec\\\/\",\"logo\":{\"@type\":\"ImageObject\",\"inLanguage\":\"fr-FR\",\"@id\":\"https:\\\/\\\/www.educarep.net\\\/guillec\\\/#\\\/schema\\\/logo\\\/image\\\/\",\"url\":\"https:\\\/\\\/www.educarep.net\\\/guillec\\\/wp-content\\\/uploads\\\/2026\\\/05\\\/logo.png\",\"contentUrl\":\"https:\\\/\\\/www.educarep.net\\\/guillec\\\/wp-content\\\/uploads\\\/2026\\\/05\\\/logo.png\",\"width\":156,\"height\":40,\"caption\":\"Vacances\"},\"image\":{\"@id\":\"https:\\\/\\\/www.educarep.net\\\/guillec\\\/#\\\/schema\\\/logo\\\/image\\\/\"}}]}<\/script>\n<!-- \/ Yoast SEO plugin. -->","yoast_head_json":{"title":"Articles - Vacances","description":"Brest est ses diff\u00e9rentes activit\u00e9s, ses lieux a visiter, et des petits conseil pratique : une ville pas comme les autres","robots":{"index":"index","follow":"follow","max-snippet":"max-snippet:-1","max-image-preview":"max-image-preview:large","max-video-preview":"max-video-preview:-1"},"canonical":"https:\/\/www.educarep.net\/guillec\/articles\/","og_locale":"fr_FR","og_type":"article","og_title":"Articles - Vacances","og_description":"Brest est ses diff\u00e9rentes activit\u00e9s, ses lieux a visiter, et des petits conseil pratique : une ville pas comme les autres","og_url":"https:\/\/www.educarep.net\/guillec\/articles\/","og_site_name":"Vacances","article_modified_time":"2026-06-03T12:24:07+00:00","og_image":[{"url":"https:\/\/www.educarep.net\/guillec\/wp-content\/uploads\/2026\/05\/Capture-decran-2026-05-31-a-14.11.10.png","type":"","width":"","height":""}],"twitter_card":"summary_large_image","twitter_misc":{"Dur\u00e9e de lecture estim\u00e9e":"2 minutes"},"schema":{"@context":"https:\/\/schema.org","@graph":[{"@type":"WebPage","@id":"https:\/\/www.educarep.net\/guillec\/articles\/","url":"https:\/\/www.educarep.net\/guillec\/articles\/","name":"Articles - Vacances","isPartOf":{"@id":"https:\/\/www.educarep.net\/guillec\/#website"},"primaryImageOfPage":{"@id":"https:\/\/www.educarep.net\/guillec\/articles\/#primaryimage"},"image":{"@id":"https:\/\/www.educarep.net\/guillec\/articles\/#primaryimage"},"thumbnailUrl":"https:\/\/www.educarep.net\/guillec\/wp-content\/uploads\/2026\/05\/Capture-decran-2026-05-31-a-14.11.10.png","datePublished":"2026-06-03T11:43:17+00:00","dateModified":"2026-06-03T12:24:07+00:00","description":"Brest est ses diff\u00e9rentes activit\u00e9s, ses lieux a visiter, et des petits conseil pratique : une ville pas comme les autres","breadcrumb":{"@id":"https:\/\/www.educarep.net\/guillec\/articles\/#breadcrumb"},"inLanguage":"fr-FR","potentialAction":[{"@type":"ReadAction","target":["https:\/\/www.educarep.net\/guillec\/articles\/"]}]},{"@type":"ImageObject","inLanguage":"fr-FR","@id":"https:\/\/www.educarep.net\/guillec\/articles\/#primaryimage","url":"https:\/\/www.educarep.net\/guillec\/wp-content\/uploads\/2026\/05\/Capture-decran-2026-05-31-a-14.11.10.png","contentUrl":"https:\/\/www.educarep.net\/guillec\/wp-content\/uploads\/2026\/05\/Capture-decran-2026-05-31-a-14.11.10.png","width":720,"height":403,"caption":"le t\u00e9l\u00e9ph\u00e9rique de brest"},{"@type":"BreadcrumbList","@id":"https:\/\/www.educarep.net\/guillec\/articles\/#breadcrumb","itemListElement":[{"@type":"ListItem","position":1,"name":"Accueil","item":"https:\/\/www.educarep.net\/guillec\/"},{"@type":"ListItem","position":2,"name":"Articles"}]},{"@type":"WebSite","@id":"https:\/\/www.educarep.net\/guillec\/#website","url":"https:\/\/www.educarep.net\/guillec\/","name":"Vacances","description":"Agence de voyage","publisher":{"@id":"https:\/\/www.educarep.net\/guillec\/#organization"},"potentialAction":[{"@type":"SearchAction","target":{"@type":"EntryPoint","urlTemplate":"https:\/\/www.educarep.net\/guillec\/?s={search_term_string}"},"query-input":{"@type":"PropertyValueSpecification","valueRequired":true,"valueName":"search_term_string"}}],"inLanguage":"fr-FR"},{"@type":"Organization","@id":"https:\/\/www.educarep.net\/guillec\/#organization","name":"Vacances","url":"https:\/\/www.educarep.net\/guillec\/","logo":{"@type":"ImageObject","inLanguage":"fr-FR","@id":"https:\/\/www.educarep.net\/guillec\/#\/schema\/logo\/image\/","url":"https:\/\/www.educarep.net\/guillec\/wp-content\/uploads\/2026\/05\/logo.png","contentUrl":"https:\/\/www.educarep.net\/guillec\/wp-content\/uploads\/2026\/05\/logo.png","width":156,"height":40,"caption":"Vacances"},"image":{"@id":"https:\/\/www.educarep.net\/guillec\/#\/schema\/logo\/image\/"}}]}},"uagb_featured_image_src":{"full":false,"thumbnail":false,"medium":false,"medium_large":false,"large":false,"1536x1536":false,"2048x2048":false},"uagb_author_info":{"display_name":"elodie","author_link":"https:\/\/www.educarep.net\/guillec\/author\/elodie\/"},"uagb_comment_info":0,"uagb_excerpt":"Brest une ville pas comme les autres Brest connu pour son histoire maritime notamment avec son port situ\u00e9 \u00e0 la [&hellip;]","_links":{"self":[{"href":"https:\/\/www.educarep.net\/guillec\/wp-json\/wp\/v2\/pages\/30","targetHints":{"allow":["GET"]}}],"collection":[{"href":"https:\/\/www.educarep.net\/guillec\/wp-json\/wp\/v2\/pages"}],"about":[{"href":"https:\/\/www.educarep.net\/guillec\/wp-json\/wp\/v2\/types\/page"}],"author":[{"embeddable":true,"href":"https:\/\/www.educarep.net\/guillec\/wp-json\/wp\/v2\/users\/1"}],"replies":[{"embeddable":true,"href":"https:\/\/www.educarep.net\/guillec\/wp-json\/wp\/v2\/comments?post=30"}],"version-history":[{"count":6,"href":"https:\/\/www.educarep.net\/guillec\/wp-json\/wp\/v2\/pages\/30\/revisions"}],"predecessor-version":[{"id":49,"href":"https:\/\/www.educarep.net\/guillec\/wp-json\/wp\/v2\/pages\/30\/revisions\/49"}],"wp:attachment":[{"href":"https:\/\/www.educarep.net\/guillec\/wp-json\/wp\/v2\/media?parent=30"}],"curies":[{"name":"wp","href":"https:\/\/api.w.org\/{rel}","templated":true}]}}